{"id":4024,"date":"2023-08-02T23:09:54","date_gmt":"2023-08-02T21:09:54","guid":{"rendered":"https:\/\/wbznord.de\/gdpr\/"},"modified":"2024-08-23T11:58:57","modified_gmt":"2024-08-23T09:58:57","slug":"gdpr","status":"publish","type":"page","link":"https:\/\/wbznord.de\/tr\/gdpr\/","title":{"rendered":"GDPR"},"content":{"rendered":"<div id='av-layout-grid-1'  class='av-layout-grid-container av-lk6kyhcu-193bb41cb15d1c727b3ce41b4475daf8 entry-content-wrapper main_color av-flex-cells  avia-builder-el-0  el_before_av_layout_row  avia-builder-el-first   container_wrap sidebar_right'  >\n\n<style type=\"text\/css\" data-created_by=\"avia_inline_auto\" id=\"style-css-av-lk6kzpwq-5aa3143a964d095df1c96cadd050ae50\">\n.flex_cell.av-lk6kzpwq-5aa3143a964d095df1c96cadd050ae50{\nvertical-align:top;\nheight:150px;\nmin-height:150px;\nbackground-color:#05598d;\nbackground:linear-gradient( to right, #05598d, #007da6 );\n}\n<\/style>\n<div class='flex_cell av-lk6kzpwq-5aa3143a964d095df1c96cadd050ae50 av-gridrow-cell av_one_full no_margin  avia-builder-el-1  avia-builder-el-no-sibling ' ><div class='flex_cell_inner'>\n<style type=\"text\/css\" data-created_by=\"avia_inline_auto\" id=\"style-css-av-7t2c5-756493ac69f532dc52de231942a0e1a7\">\n\n@media only screen and (min-width: 990px){ \n.flex_column.av-7t2c5-756493ac69f532dc52de231942a0e1a7{\npadding:0 0 0 25%;\n}\n}\n\n@media only screen and (min-width: 768px) and (max-width: 989px){ \n.flex_column.av-7t2c5-756493ac69f532dc52de231942a0e1a7{\npadding:0 0 0 0px;\n}\n}\n\n@media only screen and (min-width: 480px) and (max-width: 767px){ \n.flex_column.av-7t2c5-756493ac69f532dc52de231942a0e1a7{\npadding:0 0 0 0px;\n}\n}\n\n@media only screen and (max-width: 479px){ \n.flex_column.av-7t2c5-756493ac69f532dc52de231942a0e1a7{\npadding:0 0 0 0px;\n}\n}\n<\/style>\n<div  class='flex_column av-7t2c5-756493ac69f532dc52de231942a0e1a7 av_one_full  avia-builder-el-2  avia-builder-el-no-sibling  first flex_column_div  '     ><style type=\"text\/css\" data-created_by=\"avia_inline_auto\" id=\"style-css-av-lk6l2cse-daeb20aaf53ccebfbeb22b7ce01eb270\">\n#top .av_textblock_section.av-lk6l2cse-daeb20aaf53ccebfbeb22b7ce01eb270 .avia_textblock{\nfont-size:32px;\ncolor:#ffffff;\n}\n<\/style>\n<section  class='av_textblock_section av-lk6l2cse-daeb20aaf53ccebfbeb22b7ce01eb270 '   itemscope=\"itemscope\" itemtype=\"https:\/\/schema.org\/CreativeWork\" ><div class='avia_textblock top-banner-text av_inherit_color'  itemprop=\"text\" ><p><strong>GDPR:<\/strong><\/p>\n<\/div><\/section><\/div>\n<\/div><\/div>\n<\/div>\n<div id='av-layout-grid-2'  class='av-layout-grid-container av-dpluu-af4d0b21d6b90008ff9d38ffdc345df3 entry-content-wrapper main_color av-flex-cells  avia-builder-el-4  el_after_av_layout_row  el_before_av_section  grid-row-not-first  container_wrap sidebar_right'  >\n\n<style type=\"text\/css\" data-created_by=\"avia_inline_auto\" id=\"style-css-av-awzxy-790d397c3a166db4428b185f956a3cd6\">\n.flex_cell.av-awzxy-790d397c3a166db4428b185f956a3cd6{\nvertical-align:top;\nheight:296px;\nmin-height:296px;\nbackground:url(https:\/\/wbznord.de\/wp-content\/uploads\/2023\/08\/WBZ_Banner_datenschutz2.png) 50% 50% no-repeat scroll ;\n}\n.responsive #top #wrap_all .flex_cell.av-awzxy-790d397c3a166db4428b185f956a3cd6{\npadding:0px 0px 0px 0px !important;\n}\n<\/style>\n<div class='flex_cell av-awzxy-790d397c3a166db4428b185f956a3cd6 av-gridrow-cell av_one_full no_margin  avia-builder-el-5  avia-builder-el-no-sibling  av-zero-padding avia-full-contain' ><div class='flex_cell_inner'><\/div><\/div>\n<\/div>\n\n<style type=\"text\/css\" data-created_by=\"avia_inline_auto\" id=\"style-css-av-1ekupy-7124accb4021c8b7271d95ccb8b35c22\">\n\n@media only screen and (min-width: 990px){ \n.avia-section.av-1ekupy-7124accb4021c8b7271d95ccb8b35c22{\nmargin-top:80px;\nmargin-bottom:250px;\n}\n}\n<\/style>\n<div id='av_section_1'  class='avia-section av-1ekupy-7124accb4021c8b7271d95ccb8b35c22 main_color avia-section-no-padding avia-no-border-styling  avia-builder-el-6  el_after_av_layout_row  el_before_av_layout_row  avia-bg-style-scroll container_wrap sidebar_right'  ><div class='container av-section-cont-open' ><div class='template-page content  av-content-small alpha units'><div class='post-entry post-entry-type-page post-entry-4024'><div class='entry-content-wrapper clearfix'>\n\n<style type=\"text\/css\" data-created_by=\"avia_inline_auto\" id=\"style-css-av-16g7zy-cdf229329df12182c03613235b4ec89f\">\n.flex_column.av-16g7zy-cdf229329df12182c03613235b4ec89f{\npadding:0 0 0 0;\n}\n<\/style>\n<div  class='flex_column av-16g7zy-cdf229329df12182c03613235b4ec89f av_one_full  avia-builder-el-7  avia-builder-el-no-sibling  first flex_column_div av-zero-column-padding  '     ><section  class='av_textblock_section av-1m6fhi-6f333eb1972f1291b4f581a30c99eaa8 '   itemscope=\"itemscope\" itemtype=\"https:\/\/schema.org\/CreativeWork\" ><div class='avia_textblock'  itemprop=\"text\" ><h2><strong>Gizlilik Politikas\u0131<\/strong><\/h2>\n<\/div><\/section><br \/>\n<section  class='av_textblock_section av-w0ija-9e143508ad6abff28f2cc530c6cb6a9f '   itemscope=\"itemscope\" itemtype=\"https:\/\/schema.org\/CreativeWork\" ><div class='avia_textblock'  itemprop=\"text\" ><p class=\"p3\"><b>Giri\u015f ve genel bak\u0131\u015f<span class=\"Apple-converted-space\"> <\/span><\/b><\/p>\n<p class=\"p4\">Bu gizlilik politikas\u0131n\u0131 <span class=\"s2\"><a href=\"https:\/\/eur-lex.europa.eu\/legal-content\/DE\/TXT\/HTML\/?uri=CELEX:32016R0679&amp;from=DE&amp;tid=312569492#d1e2269-1-1\" target=\"_blank\" rel=\"noopener\">(<\/a> <\/span>s\u00fcr\u00fcm 23\/08\/2023-312569492), <span class=\"s2\"><a href=\"https:\/\/eur-lex.europa.eu\/legal-content\/DE\/TXT\/HTML\/?uri=CELEX:32016R0679&amp;from=DE&amp;tid=312569492#d1e2269-1-1\" target=\"_blank\" rel=\"noopener\">Genel Veri Koruma Y\u00f6netmeli\u011fi (AB)<\/a> 2016\/679 <\/span>ve y\u00fcr\u00fcrl\u00fckteki ulusal yasalar\u0131n gerekliliklerine uygun olarak, kontrol\u00f6r olarak hangi ki\u015fisel verileri (k\u0131saca veriler) &#8211; ve taraf\u0131m\u0131zdan g\u00f6revlendirilen i\u015flemcileri (\u00f6rne\u011fin sa\u011flay\u0131c\u0131lar) &#8211; i\u015fledi\u011fimizi, gelecekte i\u015fleyece\u011fimizi ve hangi yasal se\u00e7eneklere sahip oldu\u011funuzu size a\u00e7\u0131klamak i\u00e7in haz\u0131rlad\u0131k.<br \/>\nKullan\u0131lan terimler cinsiyetten ba\u011f\u0131ms\u0131z olarak anla\u015f\u0131lmal\u0131d\u0131r. <b>K\u0131sacas\u0131: <\/b>Sizinle ilgili i\u015fledi\u011fimiz veriler hakk\u0131nda size kapsaml\u0131 bilgi sunuyoruz. <span class=\"Apple-converted-space\"> <\/span><\/p>\n<p class=\"p4\">Veri koruma beyanlar\u0131 genellikle \u00e7ok tekniktir ve yasal jargon kullan\u0131r.<br \/>\n\u00d6te yandan bu gizlilik politikas\u0131, sizin i\u00e7in en \u00f6nemli \u015feyleri m\u00fcmk\u00fcn oldu\u011funca basit ve \u015feffaf bir \u015fekilde a\u00e7\u0131klamay\u0131 ama\u00e7lamaktad\u0131r.<br \/>\n\u015eeffafl\u0131k i\u00e7in elveri\u015fli oldu\u011fu durumlarda, teknik <b>terimler okuyucu dostu bir \u015fekilde a\u00e7\u0131klan\u0131r<\/b>, daha fazla bilgi i\u00e7in ba\u011flant\u0131lar verilir ve <b>grafikler <\/b>kullan\u0131l\u0131r.<br \/>\nB\u00f6ylece sizi a\u00e7\u0131k ve basit bir dille, ki\u015fisel verileri yaln\u0131zca ilgili bir yasal dayanak varsa ticari faaliyetlerimizin bir par\u00e7as\u0131 olarak i\u015fledi\u011fimiz konusunda bilgilendiriyoruz.<br \/>\nBu, veri koruma s\u00f6z konusu oldu\u011funda internette genellikle standart oldu\u011fu gibi, m\u00fcmk\u00fcn oldu\u011funca k\u0131sa, net olmayan ve yasal-teknik a\u00e7\u0131klamalar sa\u011flayarak kesinlikle m\u00fcmk\u00fcn de\u011fildir.<br \/>\nUmar\u0131m a\u015fa\u011f\u0131daki a\u00e7\u0131klamalar\u0131 ilgin\u00e7 ve bilgilendirici bulursunuz ve belki de hen\u00fcz bilmedi\u011finiz bir veya iki bilgi vard\u0131r.<br \/>\nHala sorular\u0131n\u0131z varsa, a\u015fa\u011f\u0131da veya yasal bildirimde ad\u0131 ge\u00e7en sorumlu kurulu\u015fla ileti\u015fime ge\u00e7menizi, verilen ba\u011flant\u0131lar\u0131 takip etmenizi ve \u00fc\u00e7\u00fcnc\u00fc taraf web sitelerinde daha fazla bilgiye bakman\u0131z\u0131 rica ederiz.<br \/>\n\u0130leti\u015fim bilgilerimiz elbette yasal bildirimde de bulunabilir.       <span class=\"Apple-converted-space\"> <\/span><\/p>\n<p class=\"p3\"><b>Uygulama alan\u0131<span class=\"Apple-converted-space\"> <\/span><\/b><\/p>\n<p class=\"p4\">Bu gizlilik politikas\u0131, \u015firketimiz taraf\u0131ndan i\u015flenen t\u00fcm ki\u015fisel veriler ve taraf\u0131m\u0131zca g\u00f6revlendirilen \u015firketler (i\u015fleyiciler) taraf\u0131ndan i\u015flenen t\u00fcm ki\u015fisel veriler i\u00e7in ge\u00e7erlidir.<br \/>\nKi\u015fisel verilerle, bir ki\u015finin ad\u0131, e-posta adresi ve posta adresi gibi GDPR Madde 4 No. 1 kapsam\u0131ndaki bilgileri kastediyoruz.<br \/>\nKi\u015fisel verilerin i\u015flenmesi, hizmetlerimizi ve \u00fcr\u00fcnlerimizi sunabilmemizi ve  <span class=\"Apple-converted-space\"> <\/span><\/p>\n<p class=\"p4\">\u00e7evrimi\u00e7i veya \u00e7evrimd\u0131\u015f\u0131 olsun.<br \/>\nBu gizlilik politikas\u0131n\u0131n kapsam\u0131 \u015funlar\u0131 i\u00e7erir <span class=\"Apple-converted-space\"> <\/span><\/p>\n<ul class=\"ul1\">\n<li class=\"li5\">i\u015fletti\u011fimiz t\u00fcm \u00e7evrimi\u00e7i varl\u0131klar (web siteleri, \u00e7evrimi\u00e7i ma\u011fazalar)<span class=\"Apple-converted-space\"> <\/span><\/li>\n<li class=\"li6\">Sosyal medya varl\u0131\u011f\u0131 ve e-posta ileti\u015fimi<span class=\"Apple-converted-space\"> <\/span><\/li>\n<li class=\"li7\">Ak\u0131ll\u0131 telefonlar ve di\u011fer cihazlar i\u00e7in mobil uygulamalar<span class=\"Apple-converted-space\"> <\/span><\/li>\n<\/ul>\n<p class=\"p4\"><b>K\u0131sacas\u0131, <\/b>gizlilik politikas\u0131, belirtilen kanallar arac\u0131l\u0131\u011f\u0131yla yap\u0131land\u0131r\u0131lm\u0131\u015f bir \u015fekilde \u015firkette ki\u015fisel verilerin i\u015flendi\u011fi t\u00fcm alanlar i\u00e7in ge\u00e7erlidir.<br \/>\nBu kanallar d\u0131\u015f\u0131nda sizlerle hukuki ili\u015fkiye girmemiz halinde gerekli olmas\u0131 halinde sizleri ayr\u0131ca bilgilendirece\u011fiz. <span class=\"Apple-converted-space\"> <\/span><\/p>\n<p class=\"p3\"><b>Yasal dayanak<span class=\"Apple-converted-space\"> <\/span><\/b><\/p>\n<p class=\"p4\">A\u015fa\u011f\u0131daki gizlilik politikas\u0131nda, ki\u015fisel verileri i\u015flememizi sa\u011flayan yasal ilkeler ve d\u00fczenlemeler, yani Genel Veri Koruma Y\u00f6netmeli\u011fi&#8217;nin yasal dayanaklar\u0131 hakk\u0131nda size \u015feffaf bilgiler sunuyoruz.<br \/>\nAB hukuku s\u00f6z konusu oldu\u011funda, 27 Nisan 2016 tarihli AVRUPA PARLAMENTOSU VE KONSEY\u0130N\u0130N 2016\/679 (AB) Y\u00d6NETMEL\u0130\u011e\u0130NE at\u0131fta bulunuyoruz.<br \/>\nBu AB Genel Veri Koruma Y\u00f6netmeli\u011fini elbette AB yasalar\u0131na eri\u015fim noktas\u0131 olan EUR-Lex&#8217;te https:\/\/e <span class=\"s2\">ur-lex.europa.eu\/legal-content\/DE\/ALL\/?uri=celex%3A32016R0679 <\/span>adresinden \u00e7evrimi\u00e7i olarak okuyabilirsiniz <span class=\"s2\">. <\/span>  <span class=\"Apple-converted-space\"> <\/span><\/p>\n<p class=\"p4\">Verilerinizi yaln\u0131zca a\u015fa\u011f\u0131daki ko\u015fullardan en az birinin ge\u00e7erli olmas\u0131 halinde i\u015fleriz:<span class=\"Apple-converted-space\"> <\/span><\/p>\n<p class=\"p6\">1. <b>Onay <\/b>(GDPR Madde 6(1)(a)): Verileri belirli bir ama\u00e7 do\u011frultusunda i\u015flememiz i\u00e7in bize onay verdiniz.<br \/>\nBir ileti\u015fim formuna girdi\u011finiz verilerin saklanmas\u0131 buna \u00f6rnek olarak verilebilir. <span class=\"Apple-converted-space\"> <\/span><\/p>\n<p class=\"p6\">2. <b>S\u00f6zle\u015fme <\/b>(GDPR Madde 6(1)(b)): Sizinle bir s\u00f6zle\u015fmeyi veya s\u00f6zle\u015fme \u00f6ncesi y\u00fck\u00fcml\u00fcl\u00fckleri yerine getirmek i\u00e7in verilerinizi i\u015fleriz.<br \/>\n\u00d6rne\u011fin, sizinle bir sat\u0131n alma s\u00f6zle\u015fmesi yaparsak, \u00f6nceden ki\u015fisel bilgilere ihtiyac\u0131m\u0131z olur. <span class=\"Apple-converted-space\"> <\/span><\/p>\n<p class=\"p6\">3. <b>yasal zorunluluk <\/b>(GDPR Madde 6(1)(c)): Yasal bir y\u00fck\u00fcml\u00fcl\u00fc\u011fe tabi olmam\u0131z halinde verilerinizi i\u015fleriz.<br \/>\n\u00d6rne\u011fin, yasal olarak muhasebe amac\u0131yla faturalar\u0131 saklamak zorunday\u0131z.<br \/>\nBunlar genellikle ki\u015fisel veriler i\u00e7erir.  <span class=\"Apple-converted-space\"> <\/span><\/p>\n<p class=\"p4\">4. <b>Me\u015fru menfaatler <\/b>(GDPR Madde 6(1)(f)): Temel haklar\u0131n\u0131z\u0131 k\u0131s\u0131tlamayan me\u015fru menfaatler s\u00f6z konusu oldu\u011funda,<span class=\"Apple-converted-space\"> <\/span><\/p>\n<p class=\"p4\">ki\u015fisel verileri i\u015fleme hakk\u0131n\u0131 sakl\u0131 tutar\u0131z.<br \/>\n\u00d6rne\u011fin, web sitemizi g\u00fcvenli ve verimli bir \u015fekilde i\u015fletmek i\u00e7in belirli verileri i\u015flememiz gerekir.<br \/>\nBu nedenle bu i\u015fleme me\u015fru bir menfaattir.  <span class=\"Apple-converted-space\"> <\/span><\/p>\n<p class=\"p4\">Kamu yarar\u0131na kay\u0131tlar\u0131n yerine getirilmesi ve resmi yetkinin kullan\u0131lmas\u0131 ve hayati \u00e7\u0131karlar\u0131n korunmas\u0131 gibi di\u011fer ko\u015fullar bizim i\u00e7in genellikle ortaya \u00e7\u0131kmaz.<br \/>\nB\u00f6yle bir yasal dayanak s\u00f6z konusuysa, uygun noktada belirtilecektir. <span class=\"Apple-converted-space\"> <\/span><\/p>\n<p class=\"p4\">AB y\u00f6netmeli\u011fine ek olarak ulusal yasalar da ge\u00e7erlidir:<span class=\"Apple-converted-space\"> <\/span><\/p>\n<ul class=\"ul1\">\n<li class=\"li6\">&#8211; <b>Avusturya <\/b><span class=\"s3\">&#8216;da <\/span>bu<span class=\"s3\">, <\/span>Ki\u015fisel<b>Verilerin<\/b> \u0130\u015flenmesine \u0130li\u015fkin Ger\u00e7ek Ki\u015filerin Korunmas\u0131 Hakk\u0131nda Federal Kanun<b>(Veri<\/b> Koruma Kanunu) veya k\u0131saca <b>DSG<\/b>&#8216;<span class=\"s3\">di <\/span>r.<span class=\"Apple-converted-space\"> <\/span><\/li>\n<li class=\"li4\">&#8211; <b>Almanya <\/b><span class=\"s3\">&#8216;da <\/span> <b>Federal Veri Koruma Yasas\u0131<\/b> <b>(BDSG<\/b>) ge\u00e7erlidir.<span class=\"Apple-converted-space\"> <\/span><\/li>\n<\/ul>\n<p class=\"p4\">Di\u011fer b\u00f6lgesel veya ulusal yasalar ge\u00e7erliyse, sizi a\u015fa\u011f\u0131daki b\u00f6l\u00fcmlerde bu konuda bilgilendirece\u011fiz.<span class=\"Apple-converted-space\"> <\/span><\/p>\n<p class=\"p3\"><b>Sorumlu ki\u015finin ileti\u015fim bilgileri<span class=\"Apple-converted-space\"> <\/span><\/b><\/p>\n<p class=\"p4\">Veri koruma veya ki\u015fisel verilerin i\u015flenmesi hakk\u0131nda herhangi bir sorunuz varsa, sorumlu ki\u015fi veya kurulu\u015fun ileti\u015fim bilgilerini a\u015fa\u011f\u0131da bulabilirsiniz: WBZ NORD GmbH Banksstr.<br \/>\n1-28 20097 Hamburg <span class=\"Apple-converted-space\"> <\/span><\/p>\n<p class=\"p11\"><span class=\"s4\">E-posta: <\/span>info@wbznord.de <span class=\"s4\">Telefon <\/span><span class=\"s4\">: <\/span>+49 40 76795199-0 <span class=\"s4\">Bask\u0131: <\/span>https:\/\/wbznord.de\/impressum\/<span class=\"Apple-converted-space\"> <\/span><\/p>\n<p class=\"p3\"><b>Depolama s\u00fcresi<span class=\"Apple-converted-space\"> <\/span><\/b><\/p>\n<p class=\"p4\">Ki\u015fisel verileri yaln\u0131zca hizmetlerimizin ve \u00fcr\u00fcnlerimizin sa\u011flanmas\u0131 i\u00e7in kesinlikle gerekli oldu\u011fu s\u00fcrece saklamam\u0131z bizim i\u00e7in genel bir kriterdir.<br \/>\nBu, veri i\u015flemenin nedeni ortadan kalkar kalkmaz ki\u015fisel verileri sildi\u011fimiz anlam\u0131na gelir.<br \/>\nBaz\u0131 durumlarda, \u00f6rne\u011fin muhasebe ama\u00e7lar\u0131 gibi as\u0131l ama\u00e7 ortadan kalkt\u0131ktan sonra bile belirli verileri yasal olarak saklamak zorunday\u0131z.  <span class=\"Apple-converted-space\"> <\/span><\/p>\n<p class=\"p4\">Verilerinizin silinmesini isterseniz veya veri i\u015fleme izninizi iptal ederseniz, veriler m\u00fcmk\u00fcn olan en k\u0131sa s\u00fcrede ve saklama zorunlulu\u011fu olmad\u0131\u011f\u0131 s\u00fcrece silinecektir.<span class=\"Apple-converted-space\"> <\/span><\/p>\n<p class=\"p4\">Bu konuda daha fazla bilgiye sahip olmam\u0131z halinde, ilgili veri i\u015flemenin belirli s\u00fcresi hakk\u0131nda sizi a\u015fa\u011f\u0131da bilgilendirece\u011fiz.<span class=\"Apple-converted-space\"> <\/span><\/p>\n<p class=\"p3\"><b>Genel Veri Koruma Y\u00f6netmeli\u011fi kapsam\u0131ndaki haklar<span class=\"Apple-converted-space\"> <\/span><\/b><\/p>\n<p class=\"p4\">GDPR Madde 13, 14 uyar\u0131nca, verilerin adil ve \u015feffaf bir \u015fekilde i\u015flenmesini sa\u011flamak i\u00e7in sahip oldu\u011funuz a\u015fa\u011f\u0131daki haklar konusunda sizi bilgilendiriyoruz:<span class=\"Apple-converted-space\"> <\/span><\/p>\n<ul class=\"ul1\">\n<li class=\"li6\">GDPR Madde 15&#8217;e g\u00f6re, verilerinizi i\u015fleyip i\u015flemedi\u011fimiz hakk\u0131nda bilgi alma hakk\u0131na sahipsiniz.<br \/>\nB\u00f6yle bir durumda, verilerin bir kopyas\u0131n\u0131 ve a\u015fa\u011f\u0131daki bilgileri alma hakk\u0131na sahipsiniz: hangi ama\u00e7la i\u015fledi\u011fimiz; <span class=\"Apple-converted-space\"> <\/span><\/li>\n<li class=\"li12\">kategoriler, yani i\u015flenen veri t\u00fcrleri;<span class=\"Apple-converted-space\"> <\/span><\/li>\n<li class=\"li6\">Bu verileri kimin ald\u0131\u011f\u0131 ve verilerin \u00fc\u00e7\u00fcnc\u00fc \u00fclkelere aktar\u0131lmas\u0131 durumunda g\u00fcvenli\u011fin nas\u0131l garanti edilebilece\u011fi;<span class=\"Apple-converted-space\"> <\/span><\/li>\n<li class=\"li12\">Verilerin ne kadar s\u00fcreyle saklanaca\u011f\u0131;<span class=\"Apple-converted-space\"> <\/span><\/li>\n<li class=\"li6\">d\u00fczeltme, silme veya i\u015flemeyi k\u0131s\u0131tlama hakk\u0131n\u0131n ve i\u015flemeye itiraz etme hakk\u0131n\u0131n varl\u0131\u011f\u0131;<span class=\"Apple-converted-space\"> <\/span><\/li>\n<li class=\"li6\">Bir denetim makam\u0131na \u015fikayette bulunabilece\u011finizi (bu makamlar\u0131n ba\u011flant\u0131lar\u0131 a\u015fa\u011f\u0131da bulunabilir);<span class=\"Apple-converted-space\"> <\/span><\/li>\n<li class=\"li6\">sizden toplamad\u0131\u011f\u0131m\u0131z takdirde verilerin kayna\u011f\u0131;<span class=\"Apple-converted-space\"> <\/span><\/li>\n<li class=\"li4\">Profilleme yap\u0131l\u0131p yap\u0131lmad\u0131\u011f\u0131, yani ki\u015fisel bir profilinizi olu\u015fturmak i\u00e7in verilerin otomatik olarak analiz edilip edilmedi\u011fi.<span class=\"Apple-converted-space\"> <\/span><\/li>\n<li class=\"li10\">\n \t<\/li>\n<li class=\"li4\">GDPR Madde 16&#8217;ya g\u00f6re, verilerin d\u00fczeltilmesi hakk\u0131na sahipsiniz; bu, hatalar bulursan\u0131z verileri d\u00fczeltmemiz gerekti\u011fi anlam\u0131na gelir.<span class=\"Apple-converted-space\"> <\/span><\/li>\n<li class=\"li4\">GDPR Madde 17&#8217;ye g\u00f6re, \u00f6zellikle verilerinizin silinmesini talep edebilece\u011finiz anlam\u0131na gelen silme hakk\u0131na (&#8220;unutulma hakk\u0131&#8221;) sahipsiniz.<span class=\"Apple-converted-space\"> <\/span><\/li>\n<li class=\"li4\">GDPR Madde 18&#8217;e g\u00f6re, i\u015flemenin k\u0131s\u0131tlanmas\u0131 hakk\u0131na sahipsiniz; bu, verileri yaln\u0131zca saklayabilece\u011fimiz ancak art\u0131k kullanmayaca\u011f\u0131m\u0131z anlam\u0131na gelir.<span class=\"Apple-converted-space\"> <\/span><\/li>\n<li class=\"li4\">GDPR Madde 20&#8217;ye g\u00f6re, veri ta\u015f\u0131nabilirli\u011fi hakk\u0131na sahipsiniz; bu, talep \u00fczerine verilerinizi yayg\u0131n olarak kullan\u0131lan bir formatta size sa\u011flayaca\u011f\u0131m\u0131z anlam\u0131na gelir.<span class=\"Apple-converted-space\"> <\/span><\/li>\n<\/ul>\n<ul class=\"ul1\">\n<li style=\"list-style-type: none;\">\n<ul class=\"ul1\">\n<li class=\"li6\">GDPR Madde 21&#8217;e g\u00f6re, itiraz etme hakk\u0131na sahipsiniz, bu da y\u00fcr\u00fcrl\u00fc\u011fe girdikten sonra i\u015flemede bir de\u011fi\u015fiklikle sonu\u00e7lanacakt\u0131r. <span class=\"s5\">o <\/span>Verilerinizin i\u015flenmesi Madde 6 paragraf\u0131na dayan\u0131yorsa.<br \/>\n1 lit.<br \/>\ne (kamu yarar\u0131, resmi yetkinin kullan\u0131lmas\u0131) veya Madde 6 paragraf.<br \/>\n1 lit.<br \/>\nf&#8217;ye (me\u015fru menfaat) dayan\u0131yorsa, verilerin i\u015flenmesine itiraz edebilirsiniz.<br \/>\nDaha sonra bu itiraz\u0131 yasal olarak yerine getirip getiremeyece\u011fimizi m\u00fcmk\u00fcn olan en k\u0131sa s\u00fcrede kontrol edece\u011fiz.     <span class=\"Apple-converted-space\"> <\/span><\/li>\n<li class=\"li6\">Veriler do\u011frudan pazarlama amac\u0131yla kullan\u0131l\u0131yorsa, bu t\u00fcr veri i\u015flemeye istedi\u011finiz zaman itiraz edebilirsiniz.<br \/>\nBu durumda verilerinizi art\u0131k do\u011frudan pazarlama i\u00e7in kullanmayabiliriz. <span class=\"Apple-converted-space\"> <\/span><\/li>\n<li class=\"li4\">Veriler profil olu\u015fturma amac\u0131yla kullan\u0131l\u0131yorsa, bu t\u00fcr veri i\u015flemeye istedi\u011finiz zaman itiraz edebilirsiniz.<br \/>\nBu durumda verilerinizi profilleme i\u00e7in art\u0131k kullanmayabiliriz. <span class=\"Apple-converted-space\"> <\/span><\/li>\n<li class=\"li10\">\n \t<\/li>\n<li class=\"li4\">GDPR Madde 22 uyar\u0131nca, yaln\u0131zca otomatik i\u015fleme dayal\u0131 bir karara tabi olmama hakk\u0131na sahip olabilirsiniz (\u00f6rn. profil olu\u015fturma).<span class=\"Apple-converted-space\"> <\/span><\/li>\n<li class=\"li4\">GDPR Madde 77&#8217;ye g\u00f6re, \u015fikayette bulunma hakk\u0131na sahipsiniz.<br \/>\nBu, ki\u015fisel verilerinizin i\u015flenmesinin GDPR&#8217;yi ihlal etti\u011fini d\u00fc\u015f\u00fcn\u00fcyorsan\u0131z, istedi\u011finiz zaman veri koruma yetkilisine \u015fikayette bulunabilece\u011finiz anlam\u0131na gelir. <span class=\"Apple-converted-space\"> <\/span><\/li>\n<\/ul>\n<\/li>\n<\/ul>\n<p class=\"p4\"><b>K\u0131sacas\u0131: <\/b>Haklar\u0131n\u0131z var &#8211; yukar\u0131da listelenen sorumlu ofisle ileti\u015fime ge\u00e7mekten \u00e7ekinmeyin!<span class=\"Apple-converted-space\"> <\/span><\/p>\n<p class=\"p4\">Verilerinizin i\u015flenmesinin veri koruma yasas\u0131n\u0131 ihlal etti\u011fini veya veri koruma haklar\u0131n\u0131z\u0131n ba\u015fka bir \u015fekilde ihlal edildi\u011fini d\u00fc\u015f\u00fcn\u00fcyorsan\u0131z, denetleyici makama \u015fikayette bulunabilirsiniz.<br \/>\nAvusturya i\u00e7in bu, web sitesini <span class=\"s2\">https:\/\/www.dsb.gv.at\/ <\/span>adresinde bulabilece\u011finiz veri koruma otoritesidir <span class=\"s2\">. <\/span><br \/>\nAlmanya&#8217;da, her federal eyalet i\u00e7in bir veri koruma g\u00f6revlisi vard\u0131r.<br \/>\nDaha fazla <span class=\"s2\">bilgi <\/span>i\u00e7in <span class=\"s2\">Federal Veri Koruma ve Bilgi \u00d6zg\u00fcrl\u00fc\u011f\u00fc Komiseri (BfDI) <\/span>ile ileti\u015fime ge\u00e7ebilirsiniz.<br \/>\nA\u015fa\u011f\u0131daki yerel veri koruma yetkilisi \u015firketimizden sorumludur:    <span class=\"Apple-converted-space\"> <\/span><\/p>\n<p class=\"p3\"><b>Hamburg Veri Koruma Kurumu<span class=\"Apple-converted-space\"> <\/span><\/b><\/p>\n<p class=\"p4\"><b>Veri Koruma Eyalet Komiseri: <\/b>Thomas Fuchs <b>Adres: <\/b>Ludwig-Erhard-Str.<br \/>\n22 7. kat, 20459 Hamburg <b>Telefon no: <\/b>040\/428 54-40 40 <span class=\"Apple-converted-space\"> <\/span><\/p>\n<p class=\"p11\"><span class=\"s4\"><b>E-posta adresi: <\/b><\/span>mailbox@datenschutz.hamburg.de <span class=\"s4\"><b>Web sitesi: <\/b><\/span>https:\/\/datenschutz-hamburg.de\/<span class=\"Apple-converted-space\"> <\/span><\/p>\n<table class=\"t1\" cellspacing=\"0\" cellpadding=\"0\">\n<tbody>\n<tr>\n<td class=\"td1\" valign=\"top\">\n<p class=\"p4\"><span class=\"s6\"><b>\u0130leti\u015fim <\/b><\/span><b>\u0130leti\u015fim \u00f6zeti <\/b><span class=\"s7\">\ud83d\udc65 <\/span>Veri sahipleri: Bizimle telefon, e-posta veya \u00e7evrimi\u00e7i form yoluyla ileti\u015fim kuran herkes <span class=\"s7\">\ud83d\udcd3 <\/span>\u0130\u015flenen veriler: \u00f6rne\u011fin telefon numaras\u0131, ad, e-posta adresi, girilen form verileri.<br \/>\nBununla ilgili daha fazla ayr\u0131nt\u0131y\u0131 kullan\u0131lan ilgili ileti\u015fim t\u00fcr\u00fcnde bulabilirsiniz <span class=\"s7\">\ud83e\udd1d <\/span>Ama\u00e7: M\u00fc\u015fteriler, i\u015f ortaklar\u0131 vb. ile ileti\u015fimin y\u00fcr\u00fct\u00fclmesi \ud83d\udcc5 <span class=\"s7\">Saklama <\/span>s\u00fcresi: \u0130\u015f durumunun s\u00fcresi ve yasal h\u00fck\u00fcmler <span class=\"s7\">\u2696\ufe0f <\/span>Yasal dayanak: Madde 6 para.<br \/>\n1 lit.<br \/>\na GDPR (r\u0131za), Madde 6 para.<br \/>\n1 lit.<br \/>\nb GDPR (s\u00f6zle\u015fme), Madde 6 para.<br \/>\n1 lit.<br \/>\nf GDPR (me\u015fru menfaatler)       <span class=\"Apple-converted-space\"> <\/span><\/p>\n<\/td>\n<\/tr>\n<\/tbody>\n<\/table>\n<p class=\"p1\">Bizimle ileti\u015fime ge\u00e7meniz ve telefon, e-posta veya \u00e7evrimi\u00e7i form arac\u0131l\u0131\u011f\u0131yla bizimle ileti\u015fim kurman\u0131z halinde ki\u015fisel verileriniz i\u015flenebilir.<span class=\"Apple-converted-space\"> <\/span><\/p>\n<p class=\"p1\">Veriler, talebinizin ve ilgili ticari i\u015flemin ele al\u0131nmas\u0131 ve i\u015flenmesi i\u00e7in i\u015flenir.<br \/>\nVeriler, yasalar\u0131n gerektirdi\u011fi s\u00fcre boyunca saklanacakt\u0131r. <span class=\"Apple-converted-space\"> <\/span><\/p>\n<p class=\"p2\"><b>\u0130lgili ki\u015filer<span class=\"Apple-converted-space\"> <\/span><\/b><\/p>\n<p class=\"p1\">Taraf\u0131m\u0131zca sa\u011flanan ileti\u015fim kanallar\u0131 arac\u0131l\u0131\u011f\u0131yla bizimle ileti\u015fime ge\u00e7mek isteyen herkes yukar\u0131da belirtilen s\u00fcre\u00e7lerden etkilenir.<span class=\"Apple-converted-space\"> <\/span><\/p>\n<p class=\"p2\"><b>Telefon<span class=\"Apple-converted-space\"> <\/span><\/b><\/p>\n<p class=\"p1\">Bizi arad\u0131\u011f\u0131n\u0131zda, arama verileri ilgili son cihazda ve kullan\u0131lan telekom\u00fcnikasyon sa\u011flay\u0131c\u0131s\u0131nda takma adla saklan\u0131r.<br \/>\nBuna ek olarak, ad\u0131n\u0131z ve telefon numaran\u0131z gibi veriler daha sonra e-posta ile g\u00f6nderilebilir ve talebinize yan\u0131t vermek amac\u0131yla saklanabilir.<br \/>\nVeriler, ticari i\u015flem tamamland\u0131\u011f\u0131nda ve yasal gereklilikler izin verdi\u011finde silinir.  <span class=\"Apple-converted-space\"> <\/span><\/p>\n<p class=\"p2\"><b>e-posta<span class=\"Apple-converted-space\"> <\/span><\/b><\/p>\n<p class=\"p1\"><span class=\"s1\">Bizimle e-posta yoluyla ileti\u015fim kurarsan\u0131z, veriler <\/span>ilgili son cihazda (bilgisayar, diz\u00fcst\u00fc bilgisayar, ak\u0131ll\u0131 telefon vb.) ve veriler e-posta sunucusunda saklanabilir.<br \/>\nVeriler, ticari i\u015flem tamamland\u0131\u011f\u0131nda ve yasal gereklilikler izin verdi\u011finde silinecektir. <span class=\"Apple-converted-space\"> <\/span><\/p>\n<p class=\"p2\"><b>\u00c7evrimi\u00e7i formlar<span class=\"Apple-converted-space\"> <\/span><\/b><\/p>\n<p class=\"p1\">Bizimle \u00e7evrimi\u00e7i bir form kullanarak ileti\u015fim kurarsan\u0131z, veriler web sunucumuzda saklan\u0131r ve e-posta adreslerimizden birine iletilebilir.<br \/>\nVeriler, ticari i\u015flem tamamland\u0131\u011f\u0131nda ve yasal gereklilikler izin verdi\u011finde silinecektir. <span class=\"Apple-converted-space\"> <\/span><\/p>\n<p class=\"p2\"><b>Yasal dayanak<span class=\"Apple-converted-space\"> <\/span><\/b><\/p>\n<p class=\"p1\">Verilerin i\u015flenmesi a\u015fa\u011f\u0131daki yasal dayanaklara dayanmaktad\u0131r:<span class=\"Apple-converted-space\"> <\/span><\/p>\n<ul class=\"ul1\">\n<li class=\"li3\">Madde 6 paragraf.<br \/>\n1 lit.<br \/>\na GDPR (r\u0131za): Verilerinizi saklamam\u0131z ve ticari i\u015flemle ilgili ama\u00e7lar i\u00e7in kullanmam\u0131z i\u00e7in bize onay veriyorsunuz;  <span class=\"Apple-converted-space\"> <\/span><\/li>\n<li class=\"li3\">Madde 6 paragraf.<br \/>\n1 lit.<br \/>\nb GDPR (s\u00f6zle\u015fme): Sizinle veya telefon sa\u011flay\u0131c\u0131s\u0131 gibi bir i\u015fleyiciyle bir s\u00f6zle\u015fmenin yerine getirilmesi i\u00e7in gereklidir veya bir teklifin haz\u0131rlanmas\u0131 gibi s\u00f6zle\u015fme \u00f6ncesi faaliyetler i\u00e7in verileri i\u015flememiz gerekir;  <span class=\"Apple-converted-space\"> <\/span><\/li>\n<li class=\"li1\">Madde 6 paragraf.<br \/>\n1 lit.<br \/>\nf GDPR (me\u015fru menfaatler): M\u00fc\u015fteri taleplerini ve i\u015f ileti\u015fimini profesyonel bir \u015fekilde ele almak istiyoruz.<br \/>\nBu, ileti\u015fimi verimli bir \u015fekilde y\u00fcr\u00fctmek i\u00e7in e-posta programlar\u0131, de\u011fi\u015fim sunucular\u0131 ve mobil a\u011f operat\u00f6rleri gibi belirli teknik olanaklar gerektirir.   <span class=\"Apple-converted-space\"> <\/span><\/li>\n<\/ul>\n<table class=\"t1\" cellspacing=\"0\" cellpadding=\"0\">\n<tbody>\n<tr>\n<td class=\"td1\" valign=\"top\">\n<p class=\"p1\"><span class=\"s3\"><b>\u00c7erezler <\/b><\/span><b>\u00c7erez \u00d6zeti <\/b><span class=\"s4\">\ud83d\udc65 <\/span>Veri <b>\u00f6znesi <\/b>: Web sitesi ziyaret\u00e7ileri <span class=\"s4\">\ud83e\udd1d <\/span>Ama\u00e7: S\u00f6z konusu \u00e7ereze ba\u011fl\u0131 olarak.<br \/>\nDaha fazla ayr\u0131nt\u0131 a\u015fa\u011f\u0131da veya \u00e7erezi ayarlayan yaz\u0131l\u0131m\u0131n \u00fcreticisinde bulunabilir <span class=\"s4\">\ud83d\udcd3 <\/span>\u0130\u015flenen veriler: Kullan\u0131lan \u00e7erezlere ba\u011fl\u0131 olarak.<br \/>\nBu konuda daha fazla ayr\u0131nt\u0131y\u0131 a\u015fa\u011f\u0131da veya \u00e7erezi ayarlayan yaz\u0131l\u0131m\u0131n \u00fcreticisinde bulabilirsiniz.  <span class=\"Apple-converted-space\"> <\/span><\/p>\n<\/td>\n<\/tr>\n<\/tbody>\n<\/table>\n<table class=\"t1\" cellspacing=\"0\" cellpadding=\"0\">\n<tbody>\n<tr>\n<td class=\"td1\" valign=\"top\">\n<p class=\"p1\">\ud83d\udcc5 <span class=\"s1\">Saklama <\/span>s\u00fcresi: \u00c7erezlere ba\u011fl\u0131 olarak saatlerden y\u0131llara kadar de\u011fi\u015febilir <span class=\"s1\">\u2696\ufe0f <\/span>Yasal dayanak: Madde 6 para.<br \/>\n1 lit.<br \/>\na GDPR (r\u0131za), Madde 6 paragraf.<br \/>\n1 lit.f GDPR (me\u015fru menfaatler)   <span class=\"Apple-converted-space\"> <\/span><\/p>\n<\/td>\n<\/tr>\n<\/tbody>\n<\/table>\n<p class=\"p1\"><b>Kurabiye nedir?<span class=\"Apple-converted-space\"> <\/span><\/b><\/p>\n<p class=\"p2\">Web sitemiz, kullan\u0131c\u0131ya \u00f6zel verileri saklamak i\u00e7in HTTP \u00e7erezleri kullan\u0131r.<br \/>\nA\u015fa\u011f\u0131da, a\u015fa\u011f\u0131daki gizlilik politikas\u0131n\u0131 daha iyi anlayabilmeniz i\u00e7in \u00e7erezlerin ne oldu\u011funu ve neden kullan\u0131ld\u0131\u011f\u0131n\u0131 a\u00e7\u0131kl\u0131yoruz. <span class=\"Apple-converted-space\"> <\/span><\/p>\n<p class=\"p2\">\u0130nternette her gezindi\u011finizde bir taray\u0131c\u0131 kullan\u0131rs\u0131n\u0131z.<br \/>\n\u0130yi bilinen taray\u0131c\u0131lar aras\u0131nda Chrome, Safari, Firefox, Internet Explorer ve Microsoft Edge yer al\u0131r.<br \/>\n\u00c7o\u011fu web sitesi taray\u0131c\u0131n\u0131zda k\u00fc\u00e7\u00fck metin dosyalar\u0131 depolar.<br \/>\nBu dosyalara \u00e7erez ad\u0131 verilir.   <span class=\"Apple-converted-space\"> <\/span><\/p>\n<p class=\"p2\">Bir \u015fey inkar edilemez: \u00c7erezler ger\u00e7ekten yararl\u0131 k\u00fc\u00e7\u00fck yard\u0131mc\u0131lard\u0131r.<br \/>\nNeredeyse t\u00fcm web siteleri \u00e7erez kullan\u0131r.<br \/>\nDaha do\u011frusu, bunlar HTTP \u00e7erezleridir, \u00e7\u00fcnk\u00fc di\u011fer uygulama alanlar\u0131 i\u00e7in ba\u015fka \u00e7erezler de vard\u0131r.<br \/>\nHTTP \u00e7erezleri, web sitemiz taraf\u0131ndan bilgisayar\u0131n\u0131zda depolanan k\u00fc\u00e7\u00fck dosyalard\u0131r.<br \/>\nBu \u00e7erez dosyalar\u0131 otomatik olarak taray\u0131c\u0131n\u0131z\u0131n &#8220;beyni&#8221; olan \u00e7erez klas\u00f6r\u00fcnde saklan\u0131r.<br \/>\nBir \u00e7erez bir isim ve bir de\u011ferden olu\u015fur.<br \/>\nBir \u00e7erez tan\u0131mlan\u0131rken, bir veya daha fazla \u00f6znitelik de belirtilmelidir.      <span class=\"Apple-converted-space\"> <\/span><\/p>\n<p class=\"p2\">\u00c7erezler, dil veya ki\u015fisel sayfa ayarlar\u0131 gibi sizinle ilgili belirli kullan\u0131c\u0131 verilerini depolar.<br \/>\nSitemizi tekrar ziyaret etti\u011finizde, taray\u0131c\u0131n\u0131z &#8220;kullan\u0131c\u0131yla ilgili&#8221; bilgileri sitemize geri iletir.<br \/>\n\u00c7erezler sayesinde web sitemiz sizin kim oldu\u011funuzu bilir ve size al\u0131\u015ft\u0131\u011f\u0131n\u0131z ayarlar\u0131 sunar.<br \/>\nBaz\u0131 taray\u0131c\u0131larda her \u00e7erezin kendine ait bir dosyas\u0131 vard\u0131r; Firefox gibi di\u011ferlerinde ise t\u00fcm \u00e7erezler tek bir dosyada saklan\u0131r.   <span class=\"Apple-converted-space\"> <\/span><\/p>\n<p class=\"p2\">A\u015fa\u011f\u0131daki grafik Chrome gibi bir web taray\u0131c\u0131s\u0131 ile web sunucusu aras\u0131ndaki olas\u0131 bir etkile\u015fimi g\u00f6stermektedir.<br \/>\nWeb taray\u0131c\u0131s\u0131 bir web sitesi talep eder ve sunucudan bir \u00e7erez geri al\u0131r, taray\u0131c\u0131 bu \u00e7erezi ba\u015fka bir sayfa talep edildi\u011finde tekrar kullan\u0131r. <span class=\"Apple-converted-space\"> <\/span><\/p>\n<p><img loading=\"lazy\" decoding=\"async\" class=\"alignnone size-medium wp-image-3852\" src=\"https:\/\/wbznord.de\/wp-content\/uploads\/2023\/08\/Cookie-300x137.png\" alt=\"\" width=\"300\" height=\"137\" srcset=\"https:\/\/wbznord.de\/wp-content\/uploads\/2023\/08\/Cookie-300x137.png 300w, https:\/\/wbznord.de\/wp-content\/uploads\/2023\/08\/Cookie-1030x471.png 1030w, https:\/\/wbznord.de\/wp-content\/uploads\/2023\/08\/Cookie-768x351.png 768w, https:\/\/wbznord.de\/wp-content\/uploads\/2023\/08\/Cookie-705x322.png 705w, https:\/\/wbznord.de\/wp-content\/uploads\/2023\/08\/Cookie.png 1089w\" sizes=\"(max-width: 300px) 100vw, 300px\" \/><\/p>\n<p class=\"p2\">Hem birinci taraf \u00e7erezleri hem de \u00fc\u00e7\u00fcnc\u00fc taraf \u00e7erezleri vard\u0131r.<br \/>\nBirinci taraf \u00e7erezleri do\u011frudan web sitemiz taraf\u0131ndan olu\u015fturulur, \u00fc\u00e7\u00fcnc\u00fc taraf \u00e7erezleri ise ortak web siteleri (\u00f6r. Google Analytics) taraf\u0131ndan olu\u015fturulur.<br \/>\nHer \u00e7erez farkl\u0131 verileri depolad\u0131\u011f\u0131ndan, her \u00e7erez ayr\u0131 ayr\u0131 de\u011ferlendirilmelidir.<br \/>\nBir \u00e7erezin sona erme s\u00fcresi de birka\u00e7 dakika ile birka\u00e7 y\u0131l aras\u0131nda de\u011fi\u015fir.<br \/>\n\u00c7erezler yaz\u0131l\u0131m programlar\u0131 de\u011fildir ve vir\u00fcs, Truva at\u0131 veya di\u011fer &#8220;k\u00f6t\u00fc ama\u00e7l\u0131 yaz\u0131l\u0131mlar\u0131&#8221; i\u00e7ermezler.<br \/>\n\u00c7erezler ayr\u0131ca bilgisayar\u0131n\u0131zdaki bilgilere eri\u015femez.     <span class=\"Apple-converted-space\"> <\/span><\/p>\n<p class=\"p2\">\u00c7erez verileri \u00f6rne\u011fin \u015fu \u015fekilde g\u00f6r\u00fcnebilir:<span class=\"Apple-converted-space\"> <\/span><\/p>\n<p class=\"p2\"><b>Ad\u0131: <\/b>_ga <b>De\u011fer <\/b> <b>: <\/b>GA1.2.1326744211.152312569492-9 <b>Ama\u00e7: <\/b>Web sitesi ziyaret\u00e7ilerinin farkl\u0131la\u015ft\u0131r\u0131lmas\u0131 <b>Son kullanma tarihi <\/b> <b>: <\/b>2 y\u0131l sonra<span class=\"Apple-converted-space\"> <\/span><\/p>\n<p class=\"p2\">Bir taray\u0131c\u0131 bu minimum boyutlar\u0131 destekleyebilmelidir:<span class=\"Apple-converted-space\"> <\/span><\/p>\n<ul class=\"ul1\">\n<li class=\"li3\">\u00c7erez ba\u015f\u0131na en az 4096 bayt<span class=\"Apple-converted-space\"> <\/span><\/li>\n<li class=\"li3\">Alan ad\u0131 ba\u015f\u0131na en az 50 \u00e7erez<span class=\"Apple-converted-space\"> <\/span><\/li>\n<li class=\"li2\">Toplamda en az 3000 kurabiye<span class=\"Apple-converted-space\"> <\/span><\/li>\n<\/ul>\n<p class=\"p1\"><b>Ne t\u00fcr \u00e7erezler var?<span class=\"Apple-converted-space\"> <\/span><\/b><\/p>\n<p class=\"p2\">\u00d6zellikle hangi \u00e7erezleri kulland\u0131\u011f\u0131m\u0131z sorusu, kullan\u0131lan hizmetlere ba\u011fl\u0131d\u0131r ve gizlilik politikas\u0131n\u0131n a\u015fa\u011f\u0131daki b\u00f6l\u00fcmlerinde a\u00e7\u0131kl\u0131\u011fa kavu\u015fturulmu\u015ftur.<br \/>\nBu noktada, farkl\u0131 HTTP \u00e7erez t\u00fcrlerini k\u0131saca a\u00e7\u0131klamak istiyoruz. <span class=\"Apple-converted-space\"> <\/span><\/p>\n<p class=\"p2\">D\u00f6rt t\u00fcr \u00e7erez aras\u0131nda bir ayr\u0131m yap\u0131labilir:<span class=\"Apple-converted-space\"> <\/span><\/p>\n<p class=\"p2\">Temel <b>\u00e7erezler <\/b>Bu \u00e7erezler temel web sitesi i\u015flevlerini sa\u011flamak i\u00e7in gereklidir.<br \/>\n\u00d6rne\u011fin, bir kullan\u0131c\u0131 al\u0131\u015fveri\u015f sepetine bir \u00fcr\u00fcn yerle\u015ftirdi\u011finde, daha sonra di\u011fer sayfalarda gezinmeye devam etti\u011finde ve ancak daha sonra kasaya gitti\u011finde bu \u00e7erezlere ihtiya\u00e7 duyulur.<br \/>\nBu \u00e7erezler, kullan\u0131c\u0131 taray\u0131c\u0131 penceresini kapatsa bile al\u0131\u015fveri\u015f sepetinin silinmemesini sa\u011flar.  <span class=\"Apple-converted-space\"> <\/span><\/p>\n<p class=\"p2\"><b>Amaca y\u00f6nelik \u00e7erezler <\/b>Bu \u00e7erezler kullan\u0131c\u0131 davran\u0131\u015f\u0131 ve kullan\u0131c\u0131n\u0131n herhangi bir hata mesaj\u0131 al\u0131p almad\u0131\u011f\u0131 hakk\u0131nda bilgi toplar.<br \/>\nBu \u00e7erezler ayr\u0131ca y\u00fckleme s\u00fcresini ve web sitesinin farkl\u0131 taray\u0131c\u0131larla davran\u0131\u015f\u0131n\u0131 \u00f6l\u00e7mek i\u00e7in kullan\u0131l\u0131r. <span class=\"Apple-converted-space\"> <\/span><\/p>\n<p class=\"p2\"><b>Hedefli \u00e7erezler <\/b>Bu \u00e7erezler daha iyi bir kullan\u0131m kolayl\u0131\u011f\u0131 sa\u011flar.<br \/>\n\u00d6rne\u011fin, girilen konumlar, yaz\u0131 tipi boyutlar\u0131 veya form verileri kaydedilir. <span class=\"Apple-converted-space\"> <\/span><\/p>\n<p class=\"p2\"><b>Reklam \u00e7erezleri <\/b>Bu \u00e7erezler hedefleme \u00e7erezleri olarak da bilinir.<br \/>\nKullan\u0131c\u0131ya \u00f6zelle\u015ftirilmi\u015f reklamlar sunmak i\u00e7in kullan\u0131l\u0131rlar.  Bu \u00e7ok pratik ama ayn\u0131 zamanda \u00e7ok can s\u0131k\u0131c\u0131 olabilir.<span class=\"Apple-converted-space\"> <\/span><\/p>\n<p class=\"p2\">Bir web sitesini ilk kez ziyaret etti\u011finizde, genellikle bu \u00e7erez t\u00fcrlerinden hangisine izin vermek istedi\u011finiz sorulur. Ve elbette bu karar da bir \u00e7erezde kaydedilir.<span class=\"Apple-converted-space\"> <\/span><\/p>\n<p class=\"p2\">\u00c7erezler hakk\u0131nda daha fazla bilgi edinmek istiyorsan\u0131z ve teknik belgelerden korkmuyorsan\u0131z, \u0130nternet M\u00fchendisli\u011fi G\u00f6rev G\u00fcc\u00fc&#8217;n\u00fcn (IETF) &#8220;HTTP Durum Y\u00f6netimi Mekanizmas\u0131&#8221; adl\u0131 Yorum Talebi <span class=\"s2\">olan https:\/\/datatracker.ietf.org\/doc\/html\/rfc6265<\/span> adresini \u00f6neririz.<span class=\"Apple-converted-space\"> <\/span><\/p>\n<p class=\"p1\"><b>\u00c7erezler arac\u0131l\u0131\u011f\u0131yla i\u015flemenin amac\u0131<span class=\"Apple-converted-space\"> <\/span><\/b><\/p>\n<p class=\"p2\">Ama\u00e7 nihayetinde s\u00f6z konusu \u00e7erezlere ba\u011fl\u0131d\u0131r. Bu konuda daha fazla ayr\u0131nt\u0131y\u0131 a\u015fa\u011f\u0131da veya \u00e7erezi ayarlayan yaz\u0131l\u0131m\u0131n \u00fcreticisinde bulabilirsiniz.<span class=\"Apple-converted-space\"> <\/span><\/p>\n<p class=\"p1\"><b>Hangi veriler i\u015fleniyor?<span class=\"Apple-converted-space\"> <\/span><\/b><\/p>\n<p class=\"p2\">\u00c7erezler bir\u00e7ok farkl\u0131 g\u00f6rev i\u00e7in k\u00fc\u00e7\u00fck yard\u0131mc\u0131lard\u0131r. Ne yaz\u0131k ki, \u00e7erezlerde hangi verilerin sakland\u0131\u011f\u0131n\u0131 genellemek m\u00fcmk\u00fcn de\u011fildir, ancak sizi a\u015fa\u011f\u0131da bilgilendirece\u011fiz<span class=\"Apple-converted-space\"> <\/span><\/p>\n<p class=\"p2\">\u0130\u015flenen veya saklanan veriler hakk\u0131nda veri koruma beyan\u0131.<span class=\"Apple-converted-space\"> <\/span><\/p>\n<p class=\"p1\"><b>\u00c7erezlerin saklama s\u00fcresi<span class=\"Apple-converted-space\"> <\/span><\/b><\/p>\n<p class=\"p2\">Saklama s\u00fcresi ilgili \u00e7erezlere ba\u011fl\u0131d\u0131r ve a\u015fa\u011f\u0131da belirtilmi\u015ftir. Baz\u0131 \u00e7erezler bir saatten k\u0131sa bir s\u00fcre sonra silinirken, di\u011ferleri birka\u00e7 y\u0131l boyunca bir bilgisayarda saklanabilir.<span class=\"Apple-converted-space\"> <\/span><\/p>\n<p class=\"p2\">Saklama s\u00fcresini kendiniz de etkileyebilirsiniz. T\u00fcm \u00e7erezleri istedi\u011finiz zaman taray\u0131c\u0131n\u0131z \u00fczerinden manuel olarak silebilirsiniz (ayr\u0131ca bkz. a\u015fa\u011f\u0131daki &#8220;\u0130tiraz hakk\u0131&#8221;). Ayr\u0131ca, r\u0131zaya dayal\u0131 \u00e7erezler en ge\u00e7 r\u0131zan\u0131z\u0131 geri \u00e7ekmenizden sonra silinecek ve o zamana kadar depolaman\u0131n yasall\u0131\u011f\u0131 etkilenmeyecektir.<span class=\"Apple-converted-space\"> <\/span><\/p>\n<p class=\"p1\"><b>\u0130tiraz etme hakk\u0131 &#8211; \u00e7erezleri nas\u0131l silebilirim?<span class=\"Apple-converted-space\"> <\/span><\/b><\/p>\n<p class=\"p2\">\u00c7erezleri nas\u0131l ve ne \u015fekilde kullanmak istedi\u011finize siz karar verirsiniz. \u00c7erezlerin kaynakland\u0131\u011f\u0131 hizmet veya web sitesi ne olursa olsun, \u00e7erezleri silme, devre d\u0131\u015f\u0131 b\u0131rakma veya yaln\u0131zca k\u0131smen izin verme se\u00e7ene\u011finiz her zaman vard\u0131r. \u00d6rne\u011fin, \u00fc\u00e7\u00fcnc\u00fc taraf \u00e7erezlerini engelleyebilir ancak di\u011fer t\u00fcm \u00e7erezlere izin verebilirsiniz.<span class=\"Apple-converted-space\"> <\/span><\/p>\n<p class=\"p2\">Taray\u0131c\u0131n\u0131zda hangi \u00e7erezlerin sakland\u0131\u011f\u0131n\u0131 \u00f6\u011frenmek istiyorsan\u0131z, \u00e7erez ayarlar\u0131n\u0131 de\u011fi\u015ftirmek veya silmek istiyorsan\u0131z, bunu taray\u0131c\u0131 ayarlar\u0131n\u0131zda bulabilirsiniz:<span class=\"Apple-converted-space\"> <\/span><\/p>\n<p class=\"p5\">Chrome: Chrome&#8217;da \u00e7erezleri silme, etkinle\u015ftirme ve y\u00f6netme<span class=\"Apple-converted-space\"> <\/span><\/p>\n<p class=\"p5\">Safari: Safari ile \u00e7erezleri ve web sitesi verilerini y\u00f6netme<span class=\"Apple-converted-space\"> <\/span><\/p>\n<p class=\"p5\">Firefox: Web sitelerinin bilgisayar\u0131n\u0131zda depolad\u0131\u011f\u0131 verileri kald\u0131rmak i\u00e7in \u00e7erezleri silin<span class=\"Apple-converted-space\"> <\/span><\/p>\n<p class=\"p5\">Internet Explorer: \u00c7erezleri silme ve y\u00f6netme<span class=\"Apple-converted-space\"> <\/span><\/p>\n<p class=\"p5\">Microsoft Edge: Tan\u0131mlama bilgilerini silme ve y\u00f6netme<span class=\"Apple-converted-space\"> <\/span><\/p>\n<p class=\"p2\">\u00c7erez almak istemiyorsan\u0131z, taray\u0131c\u0131n\u0131z\u0131 bir \u00e7erez ayarlanaca\u011f\u0131 zaman sizi her zaman bilgilendirecek \u015fekilde ayarlayabilirsiniz. Bu, her bir \u00e7erez i\u00e7in izin verip vermeyece\u011finize karar vermenizi sa\u011flar. Prosed\u00fcr taray\u0131c\u0131ya ba\u011fl\u0131 olarak farkl\u0131l\u0131k g\u00f6sterir. Talimatlar\u0131 Google&#8217;da &#8220;Chrome \u00e7erezlerini sil&#8221; veya Chrome taray\u0131c\u0131s\u0131 s\u00f6z konusu oldu\u011funda &#8220;Chrome \u00e7erezlerini devre d\u0131\u015f\u0131 b\u0131rak&#8221; arama terimini kullanarak aramak en iyisidir.<span class=\"Apple-converted-space\"> <\/span><\/p>\n<p class=\"p1\"><b>Yasal dayanak<span class=\"Apple-converted-space\"> <\/span><\/b><\/p>\n<p class=\"p2\">S\u00f6zde &#8220;\u00e7erez k\u0131lavuzlar\u0131&#8221; 2009 y\u0131l\u0131ndan beri y\u00fcr\u00fcrl\u00fcktedir. \u00c7erezlerin saklanmas\u0131n\u0131n sizin <b>onay\u0131n\u0131z\u0131 <\/b> gerektirdi\u011fini belirtir (GDPR Madde 6(1)(a)). Ancak AB \u00fclkeleri aras\u0131nda bu direktiflere kar\u015f\u0131 hala \u00e7ok farkl\u0131 tepkiler var. Ancak Avusturya&#8217;da bu direktif \u00a7 96 paragraf\u0131nda uygulanm\u0131\u015ft\u0131r. Telekom\u00fcnikasyon Kanunu&#8217;nun (TKG) 3. maddesi. Almanya&#8217;da \u00e7erez direktifleri ulusal yasa olarak uygulanmam\u0131\u015ft\u0131r. Bunun yerine, bu direktif b\u00fcy\u00fck \u00f6l\u00e7\u00fcde Alman Telemedya Kanunu&#8217;nun (TMG) 15 (3) maddesinde uygulanm\u0131\u015ft\u0131r.<span class=\"Apple-converted-space\"> <\/span><\/p>\n<p class=\"p2\">Kesinlikle gerekli \u00e7erezler i\u00e7in, herhangi bir onay verilmemi\u015f olsa bile, \u00e7o\u011fu durumda ekonomik nitelikte olan <b>me\u015fru menfaatler <\/b> s\u00f6z konusudur (GDPR Madde 6(1)(f)). Web sitesini ziyaret edenlere ho\u015f bir kullan\u0131c\u0131 deneyimi sunmak istiyoruz ve bunun i\u00e7in belirli \u00e7erezler genellikle kesinlikle gereklidir.<span class=\"Apple-converted-space\"> <\/span><\/p>\n<p class=\"p2\">Kesinlikle gerekli olmayan \u00e7erezler kullan\u0131l\u0131rsa, bu yaln\u0131zca sizin izninizle ger\u00e7ekle\u015fecektir. Bu konudaki yasal dayanak Madde 6 paragraf\u0131d\u0131r. 1 litre. a GDPR.<span class=\"Apple-converted-space\"> <\/span><\/p>\n<p class=\"p2\">\u0130lerleyen b\u00f6l\u00fcmlerde, kullan\u0131lan yaz\u0131l\u0131m \u00e7erez kullan\u0131yorsa, \u00e7erez kullan\u0131m\u0131 hakk\u0131nda daha ayr\u0131nt\u0131l\u0131 olarak bilgilendirileceksiniz.<span class=\"Apple-converted-space\"> <\/span><\/p>\n<p class=\"p2\">T\u00fcm metinler telif hakk\u0131 ile korunmaktad\u0131r.<span class=\"Apple-converted-space\"> <\/span><\/p>\n<\/div><\/section><\/p><\/div><\/div><\/div><\/div><!-- close content main div --><\/div><\/div><div id='av-layout-grid-3'  class='av-layout-grid-container av-8t606-c388103ba14bd0eb2713b4e40af2d55f entry-content-wrapper main_color av-flex-cells  avia-builder-el-10  el_after_av_section  avia-builder-el-last  grid-row-not-first  container_wrap sidebar_right'  >\n\n<style type=\"text\/css\" data-created_by=\"avia_inline_auto\" id=\"style-css-av-lk6i4l41-c6d5934fa91b692a669b0f4067909a60\">\n.flex_cell.av-lk6i4l41-c6d5934fa91b692a669b0f4067909a60{\nvertical-align:top;\nheight:296px;\nmin-height:296px;\nbackground:url(https:\/\/wbznord.de\/wp-content\/uploads\/2023\/08\/WBZ_Banner_datenschutz1.png) 50% 50% no-repeat scroll ;\n}\n.responsive #top #wrap_all .flex_cell.av-lk6i4l41-c6d5934fa91b692a669b0f4067909a60{\npadding:0px 0px 0px 0px !important;\n}\n<\/style>\n<div class='flex_cell av-lk6i4l41-c6d5934fa91b692a669b0f4067909a60 av-gridrow-cell av_one_full no_margin  avia-builder-el-11  avia-builder-el-no-sibling  av-zero-padding avia-full-contain' ><div class='flex_cell_inner'><\/div><\/div>\n<\/div><\/p>\n","protected":false},"excerpt":{"rendered":"<p>Bu bir Sayfa al\u0131nt\u0131s\u0131d\u0131r. Arama sonu\u00e7lar\u0131 i\u00e7in g\u00f6r\u00fcnt\u00fclenecektir<\/p>\n","protected":false},"author":1,"featured_media":0,"parent":0,"menu_order":0,"comment_status":"open","ping_status":"closed","template":"","meta":{"footnotes":""},"_links":{"self":[{"href":"https:\/\/wbznord.de\/tr\/wp-json\/wp\/v2\/pages\/4024"}],"collection":[{"href":"https:\/\/wbznord.de\/tr\/wp-json\/wp\/v2\/pages"}],"about":[{"href":"https:\/\/wbznord.de\/tr\/wp-json\/wp\/v2\/types\/page"}],"author":[{"embeddable":true,"href":"https:\/\/wbznord.de\/tr\/wp-json\/wp\/v2\/users\/1"}],"replies":[{"embeddable":true,"href":"https:\/\/wbznord.de\/tr\/wp-json\/wp\/v2\/comments?post=4024"}],"version-history":[{"count":2,"href":"https:\/\/wbznord.de\/tr\/wp-json\/wp\/v2\/pages\/4024\/revisions"}],"predecessor-version":[{"id":4027,"href":"https:\/\/wbznord.de\/tr\/wp-json\/wp\/v2\/pages\/4024\/revisions\/4027"}],"wp:attachment":[{"href":"https:\/\/wbznord.de\/tr\/wp-json\/wp\/v2\/media?parent=4024"}],"curies":[{"name":"wp","href":"https:\/\/api.w.org\/{rel}","templated":true}]}}